{"id":12707,"date":"2023-09-08T18:52:31","date_gmt":"2023-09-08T16:52:31","guid":{"rendered":"https:\/\/centrumwm.pl\/?page_id=12707"},"modified":"2024-12-14T19:08:17","modified_gmt":"2024-12-14T18:08:17","slug":"aktualnosci","status":"publish","type":"page","link":"https:\/\/centrumwm.pl\/?page_id=12707","title":{"rendered":"Aktualno\u015bci"},"content":{"rendered":"\t\t<div data-elementor-type=\"wp-page\" data-elementor-id=\"12707\" class=\"elementor elementor-12707\">\n\t\t\t\t\t\t<section class=\"elementor-section elementor-top-section elementor-element elementor-element-db449ec elementor-section-boxed elementor-section-height-default elementor-section-height-default\" data-id=\"db449ec\" data-element_type=\"section\">\n\t\t\t\t\t\t<div class=\"elementor-container elementor-column-gap-default\">\n\t\t\t\t\t<div class=\"elementor-column elementor-col-100 elementor-top-column elementor-element elementor-element-80da666\" data-id=\"80da666\" data-element_type=\"column\">\n\t\t\t<div class=\"elementor-widget-wrap elementor-element-populated\">\n\t\t\t\t\t\t<div class=\"elementor-element elementor-element-e578056 elementor-grid-3 elementor-grid-tablet-2 elementor-grid-mobile-1 elementor-posts--thumbnail-top elementor-widget elementor-widget-posts\" data-id=\"e578056\" data-element_type=\"widget\" data-settings=\"{&quot;classic_columns&quot;:&quot;3&quot;,&quot;classic_columns_tablet&quot;:&quot;2&quot;,&quot;classic_columns_mobile&quot;:&quot;1&quot;,&quot;classic_row_gap&quot;:{&quot;unit&quot;:&quot;px&quot;,&quot;size&quot;:35,&quot;sizes&quot;:[]},&quot;classic_row_gap_widescreen&quot;:{&quot;unit&quot;:&quot;px&quot;,&quot;size&quot;:&quot;&quot;,&quot;sizes&quot;:[]},&quot;classic_row_gap_tablet_extra&quot;:{&quot;unit&quot;:&quot;px&quot;,&quot;size&quot;:&quot;&quot;,&quot;sizes&quot;:[]},&quot;classic_row_gap_tablet&quot;:{&quot;unit&quot;:&quot;px&quot;,&quot;size&quot;:&quot;&quot;,&quot;sizes&quot;:[]},&quot;classic_row_gap_mobile&quot;:{&quot;unit&quot;:&quot;px&quot;,&quot;size&quot;:&quot;&quot;,&quot;sizes&quot;:[]}}\" data-widget_type=\"posts.classic\">\n\t\t\t\t<div class=\"elementor-widget-container\">\n\t\t\t\t\t\t\t<div class=\"elementor-posts-container elementor-posts elementor-posts--skin-classic elementor-grid\">\n\t\t\t\t<article class=\"elementor-post elementor-grid-item post-13499 post type-post status-publish format-standard hentry category-aktualnosci\">\n\t\t\t\t<div class=\"elementor-post__text\">\n\t\t\t\t<h3 class=\"elementor-post__title\">\n\t\t\t<a href=\"https:\/\/centrumwm.pl\/?p=13499\" >\n\t\t\t\tZimowiska 2026\t\t\t<\/a>\n\t\t<\/h3>\n\t\t\t\t<div class=\"elementor-post__meta-data\">\n\t\t\t\t\t<span class=\"elementor-post-date\">\n\t\t\t2026-01-16\t\t<\/span>\n\t\t\t\t<span class=\"elementor-post-avatar\">\n\t\t\tBrak komentarzy\t\t<\/span>\n\t\t\t\t<\/div>\n\t\t\t\t<div class=\"elementor-post__excerpt\">\n\t\t\t<p>Zapraszamy na ZIMOWISKA 2026 w \u201cperle Bor\u00f3w Tucholskich\u201d Pile-M\u0142yn, kt\u00f3re skierowane s\u0105 dla dzieci i m\u0142odzie\u017cy wieku 8-16 lat. Centrum Wspierania M\u0142odzie\u017cy zapewnia fachow\u0105 opiek\u0119 wychowawczo-opieku\u0144cz\u0105, odpowiada za realizacj\u0119 atrakcyjnego i bogatego w wycieczki programu wypoczynku. Proponowany obiekt, na kt\u00f3rym<\/p>\n\t\t<\/div>\n\t\t\n\t\t<a class=\"elementor-post__read-more\" href=\"https:\/\/centrumwm.pl\/?p=13499\" aria-label=\"Read more about Zimowiska 2026\" >\n\t\t\tCzytaj wi\u0119cej \u00bb\t\t<\/a>\n\n\t\t\t\t<\/div>\n\t\t\t\t<\/article>\n\t\t\t\t<article class=\"elementor-post elementor-grid-item post-13473 post type-post status-publish format-standard has-post-thumbnail hentry category-kartka-z-kalendarza\">\n\t\t\t\t<a class=\"elementor-post__thumbnail__link\" href=\"https:\/\/centrumwm.pl\/?p=13473\" >\n\t\t\t<div class=\"elementor-post__thumbnail\"><img fetchpriority=\"high\" decoding=\"async\" width=\"224\" height=\"300\" src=\"https:\/\/centrumwm.pl\/wp-content\/uploads\/2025\/05\/1747248803073-224x300.jpg\" class=\"attachment-medium size-medium wp-image-13482\" alt=\"\" srcset=\"https:\/\/centrumwm.pl\/wp-content\/uploads\/2025\/05\/1747248803073-224x300.jpg 224w, https:\/\/centrumwm.pl\/wp-content\/uploads\/2025\/05\/1747248803073-765x1024.jpg 765w, https:\/\/centrumwm.pl\/wp-content\/uploads\/2025\/05\/1747248803073-768x1027.jpg 768w, https:\/\/centrumwm.pl\/wp-content\/uploads\/2025\/05\/1747248803073-1148x1536.jpg 1148w, https:\/\/centrumwm.pl\/wp-content\/uploads\/2025\/05\/1747248803073-600x803.jpg 600w, https:\/\/centrumwm.pl\/wp-content\/uploads\/2025\/05\/1747248803073.jpg 1196w\" sizes=\"(max-width: 224px) 100vw, 224px\" \/><\/div>\n\t\t<\/a>\n\t\t\t\t<div class=\"elementor-post__text\">\n\t\t\t\t<h3 class=\"elementor-post__title\">\n\t\t\t<a href=\"https:\/\/centrumwm.pl\/?p=13473\" >\n\t\t\t\tFOJUTOWO\t\t\t<\/a>\n\t\t<\/h3>\n\t\t\t\t<div class=\"elementor-post__meta-data\">\n\t\t\t\t\t<span class=\"elementor-post-date\">\n\t\t\t2025-05-23\t\t<\/span>\n\t\t\t\t<span class=\"elementor-post-avatar\">\n\t\t\tBrak komentarzy\t\t<\/span>\n\t\t\t\t<\/div>\n\t\t\t\t<div class=\"elementor-post__excerpt\">\n\t\t\t<p>FOJUTOWO 9 wrze\u015bnia 2024 r. Organizacja wyjazdu dla dzieci z Gminy Lubiewo na ca\u0142odniow\u0105 wycieczk\u0119 do Fojutowa podczas kt\u00f3rego dzieci sp\u0119dzi\u0142y aktywnie i mi\u0142o czas. Mog\u0142y zobaczy\u0107 najwi\u0119kszy w Polsce akwedukt wodny, wskroba\u0107 si\u0119 na wie\u017c\u0119 widokow\u0105. Ca\u0142a grupa bawi\u0142a<\/p>\n\t\t<\/div>\n\t\t\n\t\t<a class=\"elementor-post__read-more\" href=\"https:\/\/centrumwm.pl\/?p=13473\" aria-label=\"Read more about FOJUTOWO\" >\n\t\t\tCzytaj wi\u0119cej \u00bb\t\t<\/a>\n\n\t\t\t\t<\/div>\n\t\t\t\t<\/article>\n\t\t\t\t<article class=\"elementor-post elementor-grid-item post-13442 post type-post status-publish format-standard has-post-thumbnail hentry category-kartka-z-kalendarza\">\n\t\t\t\t<a class=\"elementor-post__thumbnail__link\" href=\"https:\/\/centrumwm.pl\/?p=13442\" >\n\t\t\t<div class=\"elementor-post__thumbnail\"><img decoding=\"async\" width=\"300\" height=\"225\" src=\"https:\/\/centrumwm.pl\/wp-content\/uploads\/2025\/05\/1647254961211-1-300x225.jpg\" class=\"attachment-medium size-medium wp-image-13487\" alt=\"\" srcset=\"https:\/\/centrumwm.pl\/wp-content\/uploads\/2025\/05\/1647254961211-1-300x225.jpg 300w, https:\/\/centrumwm.pl\/wp-content\/uploads\/2025\/05\/1647254961211-1-1024x768.jpg 1024w, https:\/\/centrumwm.pl\/wp-content\/uploads\/2025\/05\/1647254961211-1-768x576.jpg 768w, https:\/\/centrumwm.pl\/wp-content\/uploads\/2025\/05\/1647254961211-1-1536x1152.jpg 1536w, https:\/\/centrumwm.pl\/wp-content\/uploads\/2025\/05\/1647254961211-1-2048x1536.jpg 2048w, https:\/\/centrumwm.pl\/wp-content\/uploads\/2025\/05\/1647254961211-1-scaled-600x450.jpg 600w\" sizes=\"(max-width: 300px) 100vw, 300px\" \/><\/div>\n\t\t<\/a>\n\t\t\t\t<div class=\"elementor-post__text\">\n\t\t\t\t<h3 class=\"elementor-post__title\">\n\t\t\t<a href=\"https:\/\/centrumwm.pl\/?p=13442\" >\n\t\t\t\tGDA\u0143SK\t\t\t<\/a>\n\t\t<\/h3>\n\t\t\t\t<div class=\"elementor-post__meta-data\">\n\t\t\t\t\t<span class=\"elementor-post-date\">\n\t\t\t2025-05-23\t\t<\/span>\n\t\t\t\t<span class=\"elementor-post-avatar\">\n\t\t\tBrak komentarzy\t\t<\/span>\n\t\t\t\t<\/div>\n\t\t\t\t<div class=\"elementor-post__excerpt\">\n\t\t\t<p>GDA\u0143SK 9 listopada 2024 r. Organizacja wyjazdu dzieci z Gminy Z\u0142otniki Kujawskie (SP Z\u0142otniki Kujawskie) na ca\u0142odniow\u0105 wycieczk\u0119 do Gda\u0144ska. Podczas wycieczki dzieci odwiedzi\u0142y Katedr\u0119\u00a0 Oliwsk\u0105 i bra\u0142y udzia\u0142 w prezentacji oliwskich organ\u00f3w, nast\u0119pnie zwiedza\u0142y Muzeum II Wojny \u015awiatowej, stadion<\/p>\n\t\t<\/div>\n\t\t\n\t\t<a class=\"elementor-post__read-more\" href=\"https:\/\/centrumwm.pl\/?p=13442\" aria-label=\"Read more about GDA\u0143SK\" >\n\t\t\tCzytaj wi\u0119cej \u00bb\t\t<\/a>\n\n\t\t\t\t<\/div>\n\t\t\t\t<\/article>\n\t\t\t\t<article class=\"elementor-post elementor-grid-item post-13407 post type-post status-publish format-gallery has-post-thumbnail hentry category-kartka-z-kalendarza post_format-post-format-gallery\">\n\t\t\t\t<a class=\"elementor-post__thumbnail__link\" href=\"https:\/\/centrumwm.pl\/?p=13407\" >\n\t\t\t<div class=\"elementor-post__thumbnail\"><img decoding=\"async\" width=\"300\" height=\"225\" src=\"https:\/\/centrumwm.pl\/wp-content\/uploads\/2025\/05\/1747252383760-1-300x225.jpg\" class=\"attachment-medium size-medium wp-image-13488\" alt=\"\" srcset=\"https:\/\/centrumwm.pl\/wp-content\/uploads\/2025\/05\/1747252383760-1-300x225.jpg 300w, https:\/\/centrumwm.pl\/wp-content\/uploads\/2025\/05\/1747252383760-1-1024x768.jpg 1024w, https:\/\/centrumwm.pl\/wp-content\/uploads\/2025\/05\/1747252383760-1-768x576.jpg 768w, https:\/\/centrumwm.pl\/wp-content\/uploads\/2025\/05\/1747252383760-1-1536x1152.jpg 1536w, https:\/\/centrumwm.pl\/wp-content\/uploads\/2025\/05\/1747252383760-1-2048x1536.jpg 2048w, https:\/\/centrumwm.pl\/wp-content\/uploads\/2025\/05\/1747252383760-1-scaled-600x450.jpg 600w\" sizes=\"(max-width: 300px) 100vw, 300px\" \/><\/div>\n\t\t<\/a>\n\t\t\t\t<div class=\"elementor-post__text\">\n\t\t\t\t<h3 class=\"elementor-post__title\">\n\t\t\t<a href=\"https:\/\/centrumwm.pl\/?p=13407\" >\n\t\t\t\tTLE\u0143 22-24 maja 2024 r.\t\t\t<\/a>\n\t\t<\/h3>\n\t\t\t\t<div class=\"elementor-post__meta-data\">\n\t\t\t\t\t<span class=\"elementor-post-date\">\n\t\t\t2025-05-16\t\t<\/span>\n\t\t\t\t<span class=\"elementor-post-avatar\">\n\t\t\tBrak komentarzy\t\t<\/span>\n\t\t\t\t<\/div>\n\t\t\t\t<div class=\"elementor-post__excerpt\">\n\t\t\t<p>Organizacja wyjazdu 3-dniowego w formie \u201ezielonej szko\u0142y\u201d dla dzieci z gminy Aleksandr\u00f3w Kujawski &#8211; SP Stawki (grupa liczy\u0142a 32 dzieci, a opiek\u0119 nad grup\u0105 sprawowa\u0142o 3 opiekun\u00f3w), a tak\u017ce dzieci ze Szko\u0142y Podstawowej w Anielinach (grupa liczy\u0142a 38 dzieci, a<\/p>\n\t\t<\/div>\n\t\t\n\t\t<a class=\"elementor-post__read-more\" href=\"https:\/\/centrumwm.pl\/?p=13407\" aria-label=\"Read more about TLE\u0143 22-24 maja 2024 r.\" >\n\t\t\tCzytaj wi\u0119cej \u00bb\t\t<\/a>\n\n\t\t\t\t<\/div>\n\t\t\t\t<\/article>\n\t\t\t\t<article class=\"elementor-post elementor-grid-item post-13386 post type-post status-publish format-standard hentry category-bez-kategorii\">\n\t\t\t\t<div class=\"elementor-post__text\">\n\t\t\t\t<h3 class=\"elementor-post__title\">\n\t\t\t<a href=\"https:\/\/centrumwm.pl\/?p=13386\" >\n\t\t\t\tStandardy ochrony ma\u0142oletnich\t\t\t<\/a>\n\t\t<\/h3>\n\t\t\t\t<div class=\"elementor-post__meta-data\">\n\t\t\t\t\t<span class=\"elementor-post-date\">\n\t\t\t2025-01-21\t\t<\/span>\n\t\t\t\t<span class=\"elementor-post-avatar\">\n\t\t\tBrak komentarzy\t\t<\/span>\n\t\t\t\t<\/div>\n\t\t\t\t<div class=\"elementor-post__excerpt\">\n\t\t\t<p>STANDARDY OCHRONY MA\u0141OLETNICH Podstawa prawna: Ustawa z dnia 28 lipca 2023 r. o zmianie kodeksu rodzinnego i opieku\u0144czego oraz innych ustaw (Dz. U. 2023, poz.1606). Standard 1. Centrum Wspierania M\u0142odzie\u017cy, zwane dalej CWM przyj\u0119\u0142o i wdro\u017cy\u0142o do realizacji Standardy Ochrony<\/p>\n\t\t<\/div>\n\t\t\n\t\t<a class=\"elementor-post__read-more\" href=\"https:\/\/centrumwm.pl\/?p=13386\" aria-label=\"Read more about Standardy ochrony ma\u0142oletnich\" >\n\t\t\tCzytaj wi\u0119cej \u00bb\t\t<\/a>\n\n\t\t\t\t<\/div>\n\t\t\t\t<\/article>\n\t\t\t\t<article class=\"elementor-post elementor-grid-item post-13373 post type-post status-publish format-standard has-post-thumbnail hentry category-aktualnosci\">\n\t\t\t\t<a class=\"elementor-post__thumbnail__link\" href=\"https:\/\/centrumwm.pl\/?p=13373\" >\n\t\t\t<div class=\"elementor-post__thumbnail\"><img loading=\"lazy\" decoding=\"async\" width=\"300\" height=\"198\" src=\"https:\/\/centrumwm.pl\/wp-content\/uploads\/2025\/01\/cwm-300x198.jpg\" class=\"attachment-medium size-medium wp-image-13383\" alt=\"\" srcset=\"https:\/\/centrumwm.pl\/wp-content\/uploads\/2025\/01\/cwm-300x198.jpg 300w, https:\/\/centrumwm.pl\/wp-content\/uploads\/2025\/01\/cwm.jpg 362w\" sizes=\"(max-width: 300px) 100vw, 300px\" \/><\/div>\n\t\t<\/a>\n\t\t\t\t<div class=\"elementor-post__text\">\n\t\t\t\t<h3 class=\"elementor-post__title\">\n\t\t\t<a href=\"https:\/\/centrumwm.pl\/?p=13373\" >\n\t\t\t\tZimowiska 2025\t\t\t<\/a>\n\t\t<\/h3>\n\t\t\t\t<div class=\"elementor-post__meta-data\">\n\t\t\t\t\t<span class=\"elementor-post-date\">\n\t\t\t2025-01-17\t\t<\/span>\n\t\t\t\t<span class=\"elementor-post-avatar\">\n\t\t\tBrak komentarzy\t\t<\/span>\n\t\t\t\t<\/div>\n\t\t\t\t<div class=\"elementor-post__excerpt\">\n\t\t\t<p>Zapraszamy na ZIMOWISKA 2025 w nadmorskim Dar\u0142owie oraz w samym sercu Bor\u00f3w Tucholskich \u2013 Pile-M\u0142yn, kt\u00f3re skierowane s\u0105 dla dzieci i m\u0142odzie\u017cy wieku 8-16 lat. Centrum Wspierania M\u0142odzie\u017cy zapewnia fachow\u0105 opiek\u0119 wychowawczo-opieku\u0144cz\u0105, odpowiada za realizacj\u0119 atrakcyjnego i bogatego w wycieczki<\/p>\n\t\t<\/div>\n\t\t\n\t\t<a class=\"elementor-post__read-more\" href=\"https:\/\/centrumwm.pl\/?p=13373\" aria-label=\"Read more about Zimowiska 2025\" >\n\t\t\tCzytaj wi\u0119cej \u00bb\t\t<\/a>\n\n\t\t\t\t<\/div>\n\t\t\t\t<\/article>\n\t\t\t\t<\/div>\n\t\t\n\t\t\t\t\t\t<\/div>\n\t\t\t\t<\/div>\n\t\t\t\t\t<\/div>\n\t\t<\/div>\n\t\t\t\t\t<\/div>\n\t\t<\/section>\n\t\t\t\t<\/div>\n\t\t","protected":false},"excerpt":{"rendered":"","protected":false},"author":2,"featured_media":0,"parent":0,"menu_order":0,"comment_status":"closed","ping_status":"closed","template":"","meta":{"footnotes":""},"class_list":["post-12707","page","type-page","status-publish","hentry"],"_links":{"self":[{"href":"https:\/\/centrumwm.pl\/index.php?rest_route=\/wp\/v2\/pages\/12707","targetHints":{"allow":["GET"]}}],"collection":[{"href":"https:\/\/centrumwm.pl\/index.php?rest_route=\/wp\/v2\/pages"}],"about":[{"href":"https:\/\/centrumwm.pl\/index.php?rest_route=\/wp\/v2\/types\/page"}],"author":[{"embeddable":true,"href":"https:\/\/centrumwm.pl\/index.php?rest_route=\/wp\/v2\/users\/2"}],"replies":[{"embeddable":true,"href":"https:\/\/centrumwm.pl\/index.php?rest_route=%2Fwp%2Fv2%2Fcomments&post=12707"}],"version-history":[{"count":22,"href":"https:\/\/centrumwm.pl\/index.php?rest_route=\/wp\/v2\/pages\/12707\/revisions"}],"predecessor-version":[{"id":13183,"href":"https:\/\/centrumwm.pl\/index.php?rest_route=\/wp\/v2\/pages\/12707\/revisions\/13183"}],"wp:attachment":[{"href":"https:\/\/centrumwm.pl\/index.php?rest_route=%2Fwp%2Fv2%2Fmedia&parent=12707"}],"curies":[{"name":"wp","href":"https:\/\/api.w.org\/{rel}","templated":true}]}}